{"id":284,"date":"2022-02-04T15:45:52","date_gmt":"2022-02-04T14:45:52","guid":{"rendered":"https:\/\/designcabinet.de\/wissen\/?page_id=284"},"modified":"2022-04-06T16:04:33","modified_gmt":"2022-04-06T14:04:33","slug":"start","status":"publish","type":"page","link":"https:\/\/designcabinet.de\/wissen\/","title":{"rendered":"Knowledge Base"},"content":{"rendered":"<div class=\"uagb-post-grid  uagb-post__image-position-top uagb-block-d1f24956   \" data-total=\"18\">\n\n\t\t\t\t<div class=\"uagb-post__items uagb-post__columns-1 is-grid uagb-post__columns-tablet-2 uagb-post__columns-mobile-1 uagb-post__equal-height\">\n\n\t\t\t\t\t\t\t\t<article >\n\t\t\t\t\t\t\t\t\t\t<div class=\"uagb-post__inner-wrap\">\n\t\t\t\t\t\t\t\t\t\t\t\t\t\t\t<div class='uagb-post__image'>\n\t\t\t\t<a href=\"https:\/\/designcabinet.de\/wissen\/hartbodenrollen-buerostuhl\/\" target=\"_self\" rel=\"bookmark noopener noreferrer\"><img loading=\"lazy\" decoding=\"async\" width=\"1024\" height=\"512\" src=\"https:\/\/designcabinet.de\/wissen\/wp-content\/uploads\/2022\/01\/warum-hartbodenrollen-start-1024x512.jpg\" class=\"attachment-large size-large\" alt=\"\" srcset=\"https:\/\/designcabinet.de\/wissen\/wp-content\/uploads\/2022\/01\/warum-hartbodenrollen-start-1024x512.jpg 1024w, https:\/\/designcabinet.de\/wissen\/wp-content\/uploads\/2022\/01\/warum-hartbodenrollen-start-300x150.jpg 300w, https:\/\/designcabinet.de\/wissen\/wp-content\/uploads\/2022\/01\/warum-hartbodenrollen-start-768x384.jpg 768w, https:\/\/designcabinet.de\/wissen\/wp-content\/uploads\/2022\/01\/warum-hartbodenrollen-start-1536x768.jpg 1536w, https:\/\/designcabinet.de\/wissen\/wp-content\/uploads\/2022\/01\/warum-hartbodenrollen-start.jpg 1600w\" sizes=\"auto, (max-width: 1024px) 100vw, 1024px\" \/>\t\t\t\t<\/a>\n\t\t\t<\/div>\n\t\t\t\t\t\t<div class='uagb-post__text'> \n\t\t\t\t<h2 class=\"uagb-post__title\">\n\t\t\t\t\t<a href=\"https:\/\/designcabinet.de\/wissen\/hartbodenrollen-buerostuhl\/\" target=\"_self\" rel=\"bookmark noopener noreferrer\">Warum Hartbodenrollen f\u00fcr meinen B\u00fcrostuhl?<\/a>\n\t\t\t\t<\/h2>\n\t\t\t<\/div>\n\t\t\t\t\t\t<div class='uagb-post__text'> \n\t\t\t<div class=\"uagb-post-grid-byline\">\n\t\t\t\t\t\t\t\t<span class=\"uagb-post__author\">\n\t\t\t\t\t<span class=\"dashicons-admin-users dashicons\"><\/span>\n\t\t\t\t\t<a href=\"https:\/\/designcabinet.de\/wissen\/author\/brueckner\/\" title=\"Beitr\u00e4ge von Stefan Br\u00fcckner\" rel=\"author\">Stefan Br\u00fcckner<\/a>\t\t\t\t<\/span>\n\t\t\t\t\t\t\t<time datetime=\"2022-01-23T18:20:44+01:00\" class=\"uagb-post__date\">\n\t\t\t\t\t<span class=\"dashicons-calendar dashicons\"><\/span>\n\t\t\t\t\t23. Januar 2022\t\t\t\t<\/time>\n\t\t\t\t\t\t<\/div>\n\t\t\t<\/div>\n\t\t\t\t\t\t\t<div class='uagb-post__text'> \n\t\t\t\t\t<div class=\"uagb-post__excerpt\">\n\t\t\t\t\t\tGrundlegend wird bei B\u00fcrostuhlrollen zwischen&nbsp;Hartbodenrollen (HBR)&nbsp;und&nbsp;Weichbodenrollen (WBR)&nbsp;unterschieden. Da es immer wieder zu Missverst\u00e4ndnissen bei der Bezeichnung der Stuhlrollen kommt und viele Synonyme kursieren, wollen wir ein wenig Licht in den W\u00f6rterdschungel bringen.\n\n\n\n\n\n\n\n\n\nHartbodenrollen vs. Teppichbodenrollen\n\n\n\nDie B\u00fcrostuhlrolle \u2026\t\t\t\t\t<\/div>\n\t\t\t<\/div>\n\t\t\t\t\t\t\t\t<\/div>\n\t\t\t\t\t\t\t\t\t<\/article>\n\t\t\t\t\t\t\t\t<\/div>\n\t\t\t\t\t\t\t<\/div><div class=\"uagb-post-grid  uagb-post__image-position-top uagb-block-ca88bf8d   \" data-total=\"2\">\n\n\t\t\t\t<div class=\"uagb-post__items uagb-post__columns-2 is-grid uagb-post__columns-tablet-2 uagb-post__columns-mobile-1 uagb-post__equal-height\">\n\n\t\t\t\t\t\t\t\t<article >\n\t\t\t\t\t\t\t\t\t\t<div class=\"uagb-post__inner-wrap\">\n\t\t\t\t\t\t\t\t\t\t\t\t\t\t\t<div class='uagb-post__image'>\n\t\t\t\t<a href=\"https:\/\/designcabinet.de\/wissen\/buerostuhl-richtig-einstellen-die-richtige-anleitung\/\" target=\"_self\" rel=\"bookmark noopener noreferrer\"><img loading=\"lazy\" decoding=\"async\" width=\"1024\" height=\"518\" src=\"https:\/\/designcabinet.de\/wissen\/wp-content\/uploads\/2026\/03\/Bild-1024x518.jpg\" class=\"attachment-large size-large\" alt=\"Mann sitzt in aufrechter und ergnomisch korrekter Haltung an einem Schreibtisch.\" srcset=\"https:\/\/designcabinet.de\/wissen\/wp-content\/uploads\/2026\/03\/Bild-1024x518.jpg 1024w, https:\/\/designcabinet.de\/wissen\/wp-content\/uploads\/2026\/03\/Bild-300x152.jpg 300w, https:\/\/designcabinet.de\/wissen\/wp-content\/uploads\/2026\/03\/Bild-768x388.jpg 768w, https:\/\/designcabinet.de\/wissen\/wp-content\/uploads\/2026\/03\/Bild.jpg 1456w\" sizes=\"auto, (max-width: 1024px) 100vw, 1024px\" \/>\t\t\t\t<\/a>\n\t\t\t<\/div>\n\t\t\t\t\t\t<div class='uagb-post__text'> \n\t\t\t\t<h2 class=\"uagb-post__title\">\n\t\t\t\t\t<a href=\"https:\/\/designcabinet.de\/wissen\/buerostuhl-richtig-einstellen-die-richtige-anleitung\/\" target=\"_self\" rel=\"bookmark noopener noreferrer\">B\u00fcrostuhl richtig einstellen: Die richtige Anleitung<\/a>\n\t\t\t\t<\/h2>\n\t\t\t<\/div>\n\t\t\t\t\t\t<div class='uagb-post__text'> \n\t\t\t<div class=\"uagb-post-grid-byline\">\n\t\t\t\t\t\t\t\t<span class=\"uagb-post__author\">\n\t\t\t\t\t<span class=\"dashicons-admin-users dashicons\"><\/span>\n\t\t\t\t\t<a href=\"https:\/\/designcabinet.de\/wissen\/author\/reachlab\/\" title=\"Beitr\u00e4ge von ReachLab\" rel=\"author\">ReachLab<\/a>\t\t\t\t<\/span>\n\t\t\t\t\t\t\t<time datetime=\"2026-03-31T11:15:39+02:00\" class=\"uagb-post__date\">\n\t\t\t\t\t<span class=\"dashicons-calendar dashicons\"><\/span>\n\t\t\t\t\t31. M\u00e4rz 2026\t\t\t\t<\/time>\n\t\t\t\t\t\t<\/div>\n\t\t\t<\/div>\n\t\t\t\t\t\t\t<div class='uagb-post__text'> \n\t\t\t\t\t<div class=\"uagb-post__excerpt\">\n\t\t\t\t\t\tEin ergonomischer B\u00fcrostuhl ist die Grundlage f\u00fcr gesundes Arbeiten am Arbeitsplatz.Doch nur wenn der Stuhl richtig eingestellt ist, kann er seine Wirkung voll entfalten. Eine individuell angepasste Sitzhaltung verbessert die Durchblutung, beugt Verspannungen im R\u00fccken \u2026\t\t\t\t\t<\/div>\n\t\t\t<\/div>\n\t\t\t\t\t\t\t\t<\/div>\n\t\t\t\t\t\t\t\t\t<\/article>\n\t\t\t\t\t\t\t\t<article >\n\t\t\t\t\t\t\t\t\t\t<div class=\"uagb-post__inner-wrap\">\n\t\t\t\t\t\t\t\t\t\t\t\t\t\t\t<div class='uagb-post__image'>\n\t\t\t\t<a href=\"https:\/\/designcabinet.de\/wissen\/dynamisches-sitzen\/\" target=\"_self\" rel=\"bookmark noopener noreferrer\"><img loading=\"lazy\" decoding=\"async\" width=\"1024\" height=\"512\" src=\"https:\/\/designcabinet.de\/wissen\/wp-content\/uploads\/2026\/02\/mirra_skandi_homeoffice_1600x800-1024x512.jpg\" class=\"attachment-large size-large\" alt=\"Schreibtischplatz im Home Office\" srcset=\"https:\/\/designcabinet.de\/wissen\/wp-content\/uploads\/2026\/02\/mirra_skandi_homeoffice_1600x800-1024x512.jpg 1024w, https:\/\/designcabinet.de\/wissen\/wp-content\/uploads\/2026\/02\/mirra_skandi_homeoffice_1600x800-300x150.jpg 300w, https:\/\/designcabinet.de\/wissen\/wp-content\/uploads\/2026\/02\/mirra_skandi_homeoffice_1600x800-768x384.jpg 768w, https:\/\/designcabinet.de\/wissen\/wp-content\/uploads\/2026\/02\/mirra_skandi_homeoffice_1600x800-1536x768.jpg 1536w, https:\/\/designcabinet.de\/wissen\/wp-content\/uploads\/2026\/02\/mirra_skandi_homeoffice_1600x800.jpg 1600w\" sizes=\"auto, (max-width: 1024px) 100vw, 1024px\" \/>\t\t\t\t<\/a>\n\t\t\t<\/div>\n\t\t\t\t\t\t<div class='uagb-post__text'> \n\t\t\t\t<h2 class=\"uagb-post__title\">\n\t\t\t\t\t<a href=\"https:\/\/designcabinet.de\/wissen\/dynamisches-sitzen\/\" target=\"_self\" rel=\"bookmark noopener noreferrer\">Dynamisches Sitzen: So bleibt dein K\u00f6rper am Schreibtisch in Bewegung<\/a>\n\t\t\t\t<\/h2>\n\t\t\t<\/div>\n\t\t\t\t\t\t<div class='uagb-post__text'> \n\t\t\t<div class=\"uagb-post-grid-byline\">\n\t\t\t\t\t\t\t\t<span class=\"uagb-post__author\">\n\t\t\t\t\t<span class=\"dashicons-admin-users dashicons\"><\/span>\n\t\t\t\t\t<a href=\"https:\/\/designcabinet.de\/wissen\/author\/reachlab\/\" title=\"Beitr\u00e4ge von ReachLab\" rel=\"author\">ReachLab<\/a>\t\t\t\t<\/span>\n\t\t\t\t\t\t\t<time datetime=\"2026-02-02T17:00:17+01:00\" class=\"uagb-post__date\">\n\t\t\t\t\t<span class=\"dashicons-calendar dashicons\"><\/span>\n\t\t\t\t\t2. Februar 2026\t\t\t\t<\/time>\n\t\t\t\t\t\t<\/div>\n\t\t\t<\/div>\n\t\t\t\t\t\t\t<div class='uagb-post__text'> \n\t\t\t\t\t<div class=\"uagb-post__excerpt\">\n\t\t\t\t\t\tDynamisches Sitzen klingt erstmal nach \u201est\u00e4ndig wippen\u201c \u2013 ist aber in Wahrheit viel pragmatischer: Es geht darum, dein Sitzen so zu organisieren, dass dein K\u00f6rper regelm\u00e4\u00dfig kleine Positionswechsel vornimmt. Nicht als Fitnessprogramm, sondern als Alltagstool \u2026\t\t\t\t\t<\/div>\n\t\t\t<\/div>\n\t\t\t\t\t\t\t\t<\/div>\n\t\t\t\t\t\t\t\t\t<\/article>\n\t\t\t\t\t\t\t\t<article >\n\t\t\t\t\t\t\t\t\t\t<div class=\"uagb-post__inner-wrap\">\n\t\t\t\t\t\t\t\t\t\t\t\t\t\t\t<div class='uagb-post__image'>\n\t\t\t\t<a href=\"https:\/\/designcabinet.de\/wissen\/ist-ein-gaming-stuhl-gesund\/\" target=\"_self\" rel=\"bookmark noopener noreferrer\"><img loading=\"lazy\" decoding=\"async\" width=\"1024\" height=\"514\" src=\"https:\/\/designcabinet.de\/wissen\/wp-content\/uploads\/2026\/01\/gaming-stuhl-titelbild.jpg\" class=\"attachment-large size-large\" alt=\"Gaming Stuhl an einem Gaming Schreibtisch mit Computer\" srcset=\"https:\/\/designcabinet.de\/wissen\/wp-content\/uploads\/2026\/01\/gaming-stuhl-titelbild.jpg 1024w, https:\/\/designcabinet.de\/wissen\/wp-content\/uploads\/2026\/01\/gaming-stuhl-titelbild-300x151.jpg 300w, https:\/\/designcabinet.de\/wissen\/wp-content\/uploads\/2026\/01\/gaming-stuhl-titelbild-768x386.jpg 768w\" sizes=\"auto, (max-width: 1024px) 100vw, 1024px\" \/>\t\t\t\t<\/a>\n\t\t\t<\/div>\n\t\t\t\t\t\t<div class='uagb-post__text'> \n\t\t\t\t<h2 class=\"uagb-post__title\">\n\t\t\t\t\t<a href=\"https:\/\/designcabinet.de\/wissen\/ist-ein-gaming-stuhl-gesund\/\" target=\"_self\" rel=\"bookmark noopener noreferrer\">Ist ein Gaming Stuhl gesund?<\/a>\n\t\t\t\t<\/h2>\n\t\t\t<\/div>\n\t\t\t\t\t\t<div class='uagb-post__text'> \n\t\t\t<div class=\"uagb-post-grid-byline\">\n\t\t\t\t\t\t\t\t<span class=\"uagb-post__author\">\n\t\t\t\t\t<span class=\"dashicons-admin-users dashicons\"><\/span>\n\t\t\t\t\t<a href=\"https:\/\/designcabinet.de\/wissen\/author\/reachlab\/\" title=\"Beitr\u00e4ge von ReachLab\" rel=\"author\">ReachLab<\/a>\t\t\t\t<\/span>\n\t\t\t\t\t\t\t<time datetime=\"2026-01-28T09:58:18+01:00\" class=\"uagb-post__date\">\n\t\t\t\t\t<span class=\"dashicons-calendar dashicons\"><\/span>\n\t\t\t\t\t28. Januar 2026\t\t\t\t<\/time>\n\t\t\t\t\t\t<\/div>\n\t\t\t<\/div>\n\t\t\t\t\t\t\t<div class='uagb-post__text'> \n\t\t\t\t\t<div class=\"uagb-post__excerpt\">\n\t\t\t\t\t\tDer Gaming Stuhl ist l\u00e4ngst nicht mehr nur in Gaming-Zimmern zu finden. Auch im Homeoffice oder beim Arbeiten am Schreibtisch kommt er immer h\u00e4ufiger zum Einsatz. Viele Nutzer spielen mehrere Stunden am St\u00fcck oder arbeiten \u2026\t\t\t\t\t<\/div>\n\t\t\t<\/div>\n\t\t\t\t\t\t\t\t<\/div>\n\t\t\t\t\t\t\t\t\t<\/article>\n\t\t\t\t\t\t\t\t<article >\n\t\t\t\t\t\t\t\t\t\t<div class=\"uagb-post__inner-wrap\">\n\t\t\t\t\t\t\t\t\t\t\t\t\t\t\t<div class='uagb-post__image'>\n\t\t\t\t<a href=\"https:\/\/designcabinet.de\/wissen\/corporate-shop\/\" target=\"_self\" rel=\"bookmark noopener noreferrer\"><img loading=\"lazy\" decoding=\"async\" width=\"1024\" height=\"512\" src=\"https:\/\/designcabinet.de\/wissen\/wp-content\/uploads\/2022\/06\/Neues-Projekt-1-1024x512.jpg\" class=\"attachment-large size-large\" alt=\"\" srcset=\"https:\/\/designcabinet.de\/wissen\/wp-content\/uploads\/2022\/06\/Neues-Projekt-1-1024x512.jpg 1024w, https:\/\/designcabinet.de\/wissen\/wp-content\/uploads\/2022\/06\/Neues-Projekt-1-300x150.jpg 300w, https:\/\/designcabinet.de\/wissen\/wp-content\/uploads\/2022\/06\/Neues-Projekt-1-768x384.jpg 768w, https:\/\/designcabinet.de\/wissen\/wp-content\/uploads\/2022\/06\/Neues-Projekt-1-1536x768.jpg 1536w, https:\/\/designcabinet.de\/wissen\/wp-content\/uploads\/2022\/06\/Neues-Projekt-1.jpg 1600w\" sizes=\"auto, (max-width: 1024px) 100vw, 1024px\" \/>\t\t\t\t<\/a>\n\t\t\t<\/div>\n\t\t\t\t\t\t<div class='uagb-post__text'> \n\t\t\t\t<h2 class=\"uagb-post__title\">\n\t\t\t\t\t<a href=\"https:\/\/designcabinet.de\/wissen\/corporate-shop\/\" target=\"_self\" rel=\"bookmark noopener noreferrer\">B\u00fcro-Ausstattung einfach \u00fcber Corporate-Shop abwickeln<\/a>\n\t\t\t\t<\/h2>\n\t\t\t<\/div>\n\t\t\t\t\t\t<div class='uagb-post__text'> \n\t\t\t<div class=\"uagb-post-grid-byline\">\n\t\t\t\t\t\t\t\t<span class=\"uagb-post__author\">\n\t\t\t\t\t<span class=\"dashicons-admin-users dashicons\"><\/span>\n\t\t\t\t\t<a href=\"https:\/\/designcabinet.de\/wissen\/author\/theile\/\" title=\"Beitr\u00e4ge von Pascal Theile\" rel=\"author\">Pascal Theile<\/a>\t\t\t\t<\/span>\n\t\t\t\t\t\t\t<time datetime=\"2022-07-05T12:10:00+02:00\" class=\"uagb-post__date\">\n\t\t\t\t\t<span class=\"dashicons-calendar dashicons\"><\/span>\n\t\t\t\t\t5. Juli 2022\t\t\t\t<\/time>\n\t\t\t\t\t\t<\/div>\n\t\t\t<\/div>\n\t\t\t\t\t\t\t<div class='uagb-post__text'> \n\t\t\t\t\t<div class=\"uagb-post__excerpt\">\n\t\t\t\t\t\tDer Home-Office-Boom stellt seit M\u00e4rz 2020 viele Firmen vor diverse Herausforderungen. Auch nach Lockerung der meisten Corona-Ma\u00dfnahmen arbeiten viele Mitarbeiter weiterhin im Home-Office. Damit zu Hause die Produktivit\u00e4t nicht nachl\u00e4sst, ist Ergonomie am Heim-Arbeitsplatz essenziell. \u2026\t\t\t\t\t<\/div>\n\t\t\t<\/div>\n\t\t\t\t\t\t\t\t<\/div>\n\t\t\t\t\t\t\t\t\t<\/article>\n\t\t\t\t\t\t\t\t<article >\n\t\t\t\t\t\t\t\t\t\t<div class=\"uagb-post__inner-wrap\">\n\t\t\t\t\t\t\t\t\t\t\t\t\t\t\t<div class='uagb-post__image'>\n\t\t\t\t<a href=\"https:\/\/designcabinet.de\/wissen\/generalueberholung\/\" target=\"_self\" rel=\"bookmark noopener noreferrer\"><img loading=\"lazy\" decoding=\"async\" width=\"1024\" height=\"512\" src=\"https:\/\/designcabinet.de\/wissen\/wp-content\/uploads\/2022\/07\/refurbished-aeron-chair-aufbereitung-generalueberholung-e1656943832183-1024x512.jpg\" class=\"attachment-large size-large\" alt=\"\" srcset=\"https:\/\/designcabinet.de\/wissen\/wp-content\/uploads\/2022\/07\/refurbished-aeron-chair-aufbereitung-generalueberholung-e1656943832183-1024x512.jpg 1024w, https:\/\/designcabinet.de\/wissen\/wp-content\/uploads\/2022\/07\/refurbished-aeron-chair-aufbereitung-generalueberholung-e1656943832183-300x150.jpg 300w, https:\/\/designcabinet.de\/wissen\/wp-content\/uploads\/2022\/07\/refurbished-aeron-chair-aufbereitung-generalueberholung-e1656943832183-768x384.jpg 768w, https:\/\/designcabinet.de\/wissen\/wp-content\/uploads\/2022\/07\/refurbished-aeron-chair-aufbereitung-generalueberholung-e1656943832183-1536x768.jpg 1536w, https:\/\/designcabinet.de\/wissen\/wp-content\/uploads\/2022\/07\/refurbished-aeron-chair-aufbereitung-generalueberholung-e1656943832183.jpg 1600w\" sizes=\"auto, (max-width: 1024px) 100vw, 1024px\" \/>\t\t\t\t<\/a>\n\t\t\t<\/div>\n\t\t\t\t\t\t<div class='uagb-post__text'> \n\t\t\t\t<h2 class=\"uagb-post__title\">\n\t\t\t\t\t<a href=\"https:\/\/designcabinet.de\/wissen\/generalueberholung\/\" target=\"_self\" rel=\"bookmark noopener noreferrer\">General\u00fcberholung des Classic Aeron Chair<\/a>\n\t\t\t\t<\/h2>\n\t\t\t<\/div>\n\t\t\t\t\t\t<div class='uagb-post__text'> \n\t\t\t<div class=\"uagb-post-grid-byline\">\n\t\t\t\t\t\t\t\t<span class=\"uagb-post__author\">\n\t\t\t\t\t<span class=\"dashicons-admin-users dashicons\"><\/span>\n\t\t\t\t\t<a href=\"https:\/\/designcabinet.de\/wissen\/author\/brueckner\/\" title=\"Beitr\u00e4ge von Stefan Br\u00fcckner\" rel=\"author\">Stefan Br\u00fcckner<\/a>\t\t\t\t<\/span>\n\t\t\t\t\t\t\t<time datetime=\"2022-07-04T16:02:11+02:00\" class=\"uagb-post__date\">\n\t\t\t\t\t<span class=\"dashicons-calendar dashicons\"><\/span>\n\t\t\t\t\t4. Juli 2022\t\t\t\t<\/time>\n\t\t\t\t\t\t<\/div>\n\t\t\t<\/div>\n\t\t\t\t\t\t\t<div class='uagb-post__text'> \n\t\t\t\t\t<div class=\"uagb-post__excerpt\">\n\t\t\t\t\t\tIn der DACH-Region ist DesignCabinet\u00ae nach dem Produktionsende der klassischen Aeron-Variante der einzige Anbieter. Wir restaurieren den Designklassiker in unserer Werkstatt und sorgen somit f\u00fcr eine umweltfreundliche Alternative zu unserem Topseller. Finde hier die Antworten \u2026\t\t\t\t\t<\/div>\n\t\t\t<\/div>\n\t\t\t\t\t\t\t\t<\/div>\n\t\t\t\t\t\t\t\t\t<\/article>\n\t\t\t\t\t\t\t\t<article >\n\t\t\t\t\t\t\t\t\t\t<div class=\"uagb-post__inner-wrap\">\n\t\t\t\t\t\t\t\t\t\t\t\t\t\t\t<div class='uagb-post__image'>\n\t\t\t\t<a href=\"https:\/\/designcabinet.de\/wissen\/aeron-chair-tonstudio\/\" target=\"_self\" rel=\"bookmark noopener noreferrer\"><img loading=\"lazy\" decoding=\"async\" width=\"1024\" height=\"512\" src=\"https:\/\/designcabinet.de\/wissen\/wp-content\/uploads\/2022\/04\/AERON_chair_tonstudio_starterkit-1024x512.jpg\" class=\"attachment-large size-large\" alt=\"\" srcset=\"https:\/\/designcabinet.de\/wissen\/wp-content\/uploads\/2022\/04\/AERON_chair_tonstudio_starterkit-1024x512.jpg 1024w, https:\/\/designcabinet.de\/wissen\/wp-content\/uploads\/2022\/04\/AERON_chair_tonstudio_starterkit-300x150.jpg 300w, https:\/\/designcabinet.de\/wissen\/wp-content\/uploads\/2022\/04\/AERON_chair_tonstudio_starterkit-768x384.jpg 768w, https:\/\/designcabinet.de\/wissen\/wp-content\/uploads\/2022\/04\/AERON_chair_tonstudio_starterkit-1536x768.jpg 1536w, https:\/\/designcabinet.de\/wissen\/wp-content\/uploads\/2022\/04\/AERON_chair_tonstudio_starterkit.jpg 1600w\" sizes=\"auto, (max-width: 1024px) 100vw, 1024px\" \/>\t\t\t\t<\/a>\n\t\t\t<\/div>\n\t\t\t\t\t\t<div class='uagb-post__text'> \n\t\t\t\t<h2 class=\"uagb-post__title\">\n\t\t\t\t\t<a href=\"https:\/\/designcabinet.de\/wissen\/aeron-chair-tonstudio\/\" target=\"_self\" rel=\"bookmark noopener noreferrer\">Aeron Chair: Der Kultstuhl im Tonstudio<\/a>\n\t\t\t\t<\/h2>\n\t\t\t<\/div>\n\t\t\t\t\t\t<div class='uagb-post__text'> \n\t\t\t<div class=\"uagb-post-grid-byline\">\n\t\t\t\t\t\t\t\t<span class=\"uagb-post__author\">\n\t\t\t\t\t<span class=\"dashicons-admin-users dashicons\"><\/span>\n\t\t\t\t\t<a href=\"https:\/\/designcabinet.de\/wissen\/author\/brueckner\/\" title=\"Beitr\u00e4ge von Stefan Br\u00fcckner\" rel=\"author\">Stefan Br\u00fcckner<\/a>\t\t\t\t<\/span>\n\t\t\t\t\t\t\t<time datetime=\"2022-04-06T15:45:43+02:00\" class=\"uagb-post__date\">\n\t\t\t\t\t<span class=\"dashicons-calendar dashicons\"><\/span>\n\t\t\t\t\t6. April 2022\t\t\t\t<\/time>\n\t\t\t\t\t\t<\/div>\n\t\t\t<\/div>\n\t\t\t\t\t\t\t<div class='uagb-post__text'> \n\t\t\t\t\t<div class=\"uagb-post__excerpt\">\n\t\t\t\t\t\tFolgt man K\u00fcnstlern, Komponisten oder Producern in den Sozialen Medien, bekommt man nicht selten Einblicke in ihre Studios. Sieht man genauer hin, entdeckt man eine Gemeinsamkeit: Der Gro\u00dfteil der Tonstudio-Betreiber scheint auf einem Herman Miller \u2026\t\t\t\t\t<\/div>\n\t\t\t<\/div>\n\t\t\t\t\t\t\t\t<\/div>\n\t\t\t\t\t\t\t\t\t<\/article>\n\t\t\t\t\t\t\t\t<article >\n\t\t\t\t\t\t\t\t\t\t<div class=\"uagb-post__inner-wrap\">\n\t\t\t\t\t\t\t\t\t\t\t\t\t\t\t<div class='uagb-post__image'>\n\t\t\t\t<a href=\"https:\/\/designcabinet.de\/wissen\/oe1-workspace-collection\/\" target=\"_self\" rel=\"bookmark noopener noreferrer\"><img loading=\"lazy\" decoding=\"async\" width=\"1024\" height=\"512\" src=\"https:\/\/designcabinet.de\/wissen\/wp-content\/uploads\/2022\/03\/oe1-workspace-collection-herman-miller_starter-1024x512.jpg\" class=\"attachment-large size-large\" alt=\"\" srcset=\"https:\/\/designcabinet.de\/wissen\/wp-content\/uploads\/2022\/03\/oe1-workspace-collection-herman-miller_starter-1024x512.jpg 1024w, https:\/\/designcabinet.de\/wissen\/wp-content\/uploads\/2022\/03\/oe1-workspace-collection-herman-miller_starter-300x150.jpg 300w, https:\/\/designcabinet.de\/wissen\/wp-content\/uploads\/2022\/03\/oe1-workspace-collection-herman-miller_starter-768x384.jpg 768w, https:\/\/designcabinet.de\/wissen\/wp-content\/uploads\/2022\/03\/oe1-workspace-collection-herman-miller_starter-1536x768.jpg 1536w, https:\/\/designcabinet.de\/wissen\/wp-content\/uploads\/2022\/03\/oe1-workspace-collection-herman-miller_starter.jpg 1600w\" sizes=\"auto, (max-width: 1024px) 100vw, 1024px\" \/>\t\t\t\t<\/a>\n\t\t\t<\/div>\n\t\t\t\t\t\t<div class='uagb-post__text'> \n\t\t\t\t<h2 class=\"uagb-post__title\">\n\t\t\t\t\t<a href=\"https:\/\/designcabinet.de\/wissen\/oe1-workspace-collection\/\" target=\"_self\" rel=\"bookmark noopener noreferrer\">Moderne B\u00fcroeinrichtung mit der OE1 Workspace Collection<\/a>\n\t\t\t\t<\/h2>\n\t\t\t<\/div>\n\t\t\t\t\t\t<div class='uagb-post__text'> \n\t\t\t<div class=\"uagb-post-grid-byline\">\n\t\t\t\t\t\t\t\t<span class=\"uagb-post__author\">\n\t\t\t\t\t<span class=\"dashicons-admin-users dashicons\"><\/span>\n\t\t\t\t\t<a href=\"https:\/\/designcabinet.de\/wissen\/author\/stumpe\/\" title=\"Beitr\u00e4ge von Anna Stumpe\" rel=\"author\">Anna Stumpe<\/a>\t\t\t\t<\/span>\n\t\t\t\t\t\t\t<time datetime=\"2022-03-28T14:51:28+02:00\" class=\"uagb-post__date\">\n\t\t\t\t\t<span class=\"dashicons-calendar dashicons\"><\/span>\n\t\t\t\t\t28. M\u00e4rz 2022\t\t\t\t<\/time>\n\t\t\t\t\t\t<\/div>\n\t\t\t<\/div>\n\t\t\t\t\t\t\t<div class='uagb-post__text'> \n\t\t\t\t\t<div class=\"uagb-post__excerpt\">\n\t\t\t\t\t\tDie OE1 Workspace Collection von Herman Miller ist eine Kollektion von B\u00fcro-Basics. Sie wurde f\u00fcr Teams und individuelle Nutzer entworfen, um moderne Arbeitspl\u00e4tze nach Bedarf zu gestalten. Damit schaffen sie eine unverzichtbare Grundausstattung f\u00fcr ein \u2026\t\t\t\t\t<\/div>\n\t\t\t<\/div>\n\t\t\t\t\t\t\t\t<\/div>\n\t\t\t\t\t\t\t\t\t<\/article>\n\t\t\t\t\t\t\t\t<article >\n\t\t\t\t\t\t\t\t\t\t<div class=\"uagb-post__inner-wrap\">\n\t\t\t\t\t\t\t\t\t\t\t\t\t\t\t<div class='uagb-post__image'>\n\t\t\t\t<a href=\"https:\/\/designcabinet.de\/wissen\/beliebtester-herman-miller-stuhl\/\" target=\"_self\" rel=\"bookmark noopener noreferrer\"><img loading=\"lazy\" decoding=\"async\" width=\"1024\" height=\"512\" src=\"https:\/\/designcabinet.de\/wissen\/wp-content\/uploads\/2022\/03\/most-popular-herman-miller-chair-blog-designcabinet_v3-1024x512.jpg\" class=\"attachment-large size-large\" alt=\"\" srcset=\"https:\/\/designcabinet.de\/wissen\/wp-content\/uploads\/2022\/03\/most-popular-herman-miller-chair-blog-designcabinet_v3-1024x512.jpg 1024w, https:\/\/designcabinet.de\/wissen\/wp-content\/uploads\/2022\/03\/most-popular-herman-miller-chair-blog-designcabinet_v3-300x150.jpg 300w, https:\/\/designcabinet.de\/wissen\/wp-content\/uploads\/2022\/03\/most-popular-herman-miller-chair-blog-designcabinet_v3-768x384.jpg 768w, https:\/\/designcabinet.de\/wissen\/wp-content\/uploads\/2022\/03\/most-popular-herman-miller-chair-blog-designcabinet_v3-1536x768.jpg 1536w, https:\/\/designcabinet.de\/wissen\/wp-content\/uploads\/2022\/03\/most-popular-herman-miller-chair-blog-designcabinet_v3.jpg 1600w\" sizes=\"auto, (max-width: 1024px) 100vw, 1024px\" \/>\t\t\t\t<\/a>\n\t\t\t<\/div>\n\t\t\t\t\t\t<div class='uagb-post__text'> \n\t\t\t\t<h2 class=\"uagb-post__title\">\n\t\t\t\t\t<a href=\"https:\/\/designcabinet.de\/wissen\/beliebtester-herman-miller-stuhl\/\" target=\"_self\" rel=\"bookmark noopener noreferrer\">Welcher ist der beliebteste Herman Miller-Stuhl?<\/a>\n\t\t\t\t<\/h2>\n\t\t\t<\/div>\n\t\t\t\t\t\t<div class='uagb-post__text'> \n\t\t\t<div class=\"uagb-post-grid-byline\">\n\t\t\t\t\t\t\t\t<span class=\"uagb-post__author\">\n\t\t\t\t\t<span class=\"dashicons-admin-users dashicons\"><\/span>\n\t\t\t\t\t<a href=\"https:\/\/designcabinet.de\/wissen\/author\/brueckner\/\" title=\"Beitr\u00e4ge von Stefan Br\u00fcckner\" rel=\"author\">Stefan Br\u00fcckner<\/a>\t\t\t\t<\/span>\n\t\t\t\t\t\t\t<time datetime=\"2022-03-21T16:30:00+01:00\" class=\"uagb-post__date\">\n\t\t\t\t\t<span class=\"dashicons-calendar dashicons\"><\/span>\n\t\t\t\t\t21. M\u00e4rz 2022\t\t\t\t<\/time>\n\t\t\t\t\t\t<\/div>\n\t\t\t<\/div>\n\t\t\t\t\t\t\t<div class='uagb-post__text'> \n\t\t\t\t\t<div class=\"uagb-post__excerpt\">\n\t\t\t\t\t\tWenn es um den meistverkauften B\u00fcrostuhl im Hause Herman Miller geht, dann ist die Antwort seit Jahrzehnten klar: Der Aeron Chair schl\u00e4gt alle. Doch wie sieht es in unserem Shop aus? Au\u00dferdem haben wir ein \u2026\t\t\t\t\t<\/div>\n\t\t\t<\/div>\n\t\t\t\t\t\t\t\t<\/div>\n\t\t\t\t\t\t\t\t\t<\/article>\n\t\t\t\t\t\t\t\t<article >\n\t\t\t\t\t\t\t\t\t\t<div class=\"uagb-post__inner-wrap\">\n\t\t\t\t\t\t\t\t\t\t\t\t\t\t\t<div class='uagb-post__image'>\n\t\t\t\t<a href=\"https:\/\/designcabinet.de\/wissen\/gaming-embody-vergleich\/\" target=\"_self\" rel=\"bookmark noopener noreferrer\"><img loading=\"lazy\" decoding=\"async\" width=\"1024\" height=\"513\" src=\"https:\/\/designcabinet.de\/wissen\/wp-content\/uploads\/2022\/02\/embody_prd_uw_day_nevi_cab66982-a09e-4e20-847f-4752cd5842ed_1920x-e1643977441218-1024x513.jpeg\" class=\"attachment-large size-large\" alt=\"\" srcset=\"https:\/\/designcabinet.de\/wissen\/wp-content\/uploads\/2022\/02\/embody_prd_uw_day_nevi_cab66982-a09e-4e20-847f-4752cd5842ed_1920x-e1643977441218-1024x513.jpeg 1024w, https:\/\/designcabinet.de\/wissen\/wp-content\/uploads\/2022\/02\/embody_prd_uw_day_nevi_cab66982-a09e-4e20-847f-4752cd5842ed_1920x-e1643977441218-300x150.jpeg 300w, https:\/\/designcabinet.de\/wissen\/wp-content\/uploads\/2022\/02\/embody_prd_uw_day_nevi_cab66982-a09e-4e20-847f-4752cd5842ed_1920x-e1643977441218-768x385.jpeg 768w, https:\/\/designcabinet.de\/wissen\/wp-content\/uploads\/2022\/02\/embody_prd_uw_day_nevi_cab66982-a09e-4e20-847f-4752cd5842ed_1920x-e1643977441218-1536x770.jpeg 1536w, https:\/\/designcabinet.de\/wissen\/wp-content\/uploads\/2022\/02\/embody_prd_uw_day_nevi_cab66982-a09e-4e20-847f-4752cd5842ed_1920x-e1643977441218.jpeg 1598w\" sizes=\"auto, (max-width: 1024px) 100vw, 1024px\" \/>\t\t\t\t<\/a>\n\t\t\t<\/div>\n\t\t\t\t\t\t<div class='uagb-post__text'> \n\t\t\t\t<h2 class=\"uagb-post__title\">\n\t\t\t\t\t<a href=\"https:\/\/designcabinet.de\/wissen\/gaming-embody-vergleich\/\" target=\"_self\" rel=\"bookmark noopener noreferrer\">Gaming Embody vs. Standard Embody im Vergleich<\/a>\n\t\t\t\t<\/h2>\n\t\t\t<\/div>\n\t\t\t\t\t\t<div class='uagb-post__text'> \n\t\t\t<div class=\"uagb-post-grid-byline\">\n\t\t\t\t\t\t\t\t<span class=\"uagb-post__author\">\n\t\t\t\t\t<span class=\"dashicons-admin-users dashicons\"><\/span>\n\t\t\t\t\t<a href=\"https:\/\/designcabinet.de\/wissen\/author\/theile\/\" title=\"Beitr\u00e4ge von Pascal Theile\" rel=\"author\">Pascal Theile<\/a>\t\t\t\t<\/span>\n\t\t\t\t\t\t\t<time datetime=\"2022-02-21T20:13:10+01:00\" class=\"uagb-post__date\">\n\t\t\t\t\t<span class=\"dashicons-calendar dashicons\"><\/span>\n\t\t\t\t\t21. Februar 2022\t\t\t\t<\/time>\n\t\t\t\t\t\t<\/div>\n\t\t\t<\/div>\n\t\t\t\t\t\t\t<div class='uagb-post__text'> \n\t\t\t\t\t<div class=\"uagb-post__excerpt\">\n\t\t\t\t\t\tBisher dominierten die bekannten Racing-St\u00fchle die Szene. Den ergonomischen Anspr\u00fcchen j\u00fcngerer Vielsitzer wurden diese Modelle jedoch nur selten gerecht. Die neuen Embody Modelle adressieren genau diese L\u00fccke. Ein optimierter Gaming Embody, der durch die Kooperation \u2026\t\t\t\t\t<\/div>\n\t\t\t<\/div>\n\t\t\t\t\t\t\t\t<\/div>\n\t\t\t\t\t\t\t\t\t<\/article>\n\t\t\t\t\t\t\t\t<article >\n\t\t\t\t\t\t\t\t\t\t<div class=\"uagb-post__inner-wrap\">\n\t\t\t\t\t\t\t\t\t\t\t\t\t\t\t<div class='uagb-post__image'>\n\t\t\t\t<a href=\"https:\/\/designcabinet.de\/wissen\/aeron-onyx-unterschiede\/\" target=\"_self\" rel=\"bookmark noopener noreferrer\"><img loading=\"lazy\" decoding=\"async\" width=\"1024\" height=\"512\" src=\"https:\/\/designcabinet.de\/wissen\/wp-content\/uploads\/2022\/01\/aeron-chair-produktfamilie-e1643826951711-1024x512.jpeg\" class=\"attachment-large size-large\" alt=\"aeron-chair-materialfarben\" srcset=\"https:\/\/designcabinet.de\/wissen\/wp-content\/uploads\/2022\/01\/aeron-chair-produktfamilie-e1643826951711-1024x512.jpeg 1024w, https:\/\/designcabinet.de\/wissen\/wp-content\/uploads\/2022\/01\/aeron-chair-produktfamilie-e1643826951711-300x150.jpeg 300w, https:\/\/designcabinet.de\/wissen\/wp-content\/uploads\/2022\/01\/aeron-chair-produktfamilie-e1643826951711-768x384.jpeg 768w, https:\/\/designcabinet.de\/wissen\/wp-content\/uploads\/2022\/01\/aeron-chair-produktfamilie-e1643826951711-1536x768.jpeg 1536w, https:\/\/designcabinet.de\/wissen\/wp-content\/uploads\/2022\/01\/aeron-chair-produktfamilie-e1643826951711.jpeg 1600w\" sizes=\"auto, (max-width: 1024px) 100vw, 1024px\" \/>\t\t\t\t<\/a>\n\t\t\t<\/div>\n\t\t\t\t\t\t<div class='uagb-post__text'> \n\t\t\t\t<h2 class=\"uagb-post__title\">\n\t\t\t\t\t<a href=\"https:\/\/designcabinet.de\/wissen\/aeron-onyx-unterschiede\/\" target=\"_self\" rel=\"bookmark noopener noreferrer\">Aeron Onyx: Was ist neu an der Farbvariante?<\/a>\n\t\t\t\t<\/h2>\n\t\t\t<\/div>\n\t\t\t\t\t\t<div class='uagb-post__text'> \n\t\t\t<div class=\"uagb-post-grid-byline\">\n\t\t\t\t\t\t\t\t<span class=\"uagb-post__author\">\n\t\t\t\t\t<span class=\"dashicons-admin-users dashicons\"><\/span>\n\t\t\t\t\t<a href=\"https:\/\/designcabinet.de\/wissen\/author\/stumpe\/\" title=\"Beitr\u00e4ge von Anna Stumpe\" rel=\"author\">Anna Stumpe<\/a>\t\t\t\t<\/span>\n\t\t\t\t\t\t\t<time datetime=\"2022-02-03T17:00:11+01:00\" class=\"uagb-post__date\">\n\t\t\t\t\t<span class=\"dashicons-calendar dashicons\"><\/span>\n\t\t\t\t\t3. Februar 2022\t\t\t\t<\/time>\n\t\t\t\t\t\t<\/div>\n\t\t\t<\/div>\n\t\t\t\t\t\t\t<div class='uagb-post__text'> \n\t\t\t\t\t<div class=\"uagb-post__excerpt\">\n\t\t\t\t\t\tSeit seiner Einf\u00fchrung 1994 blieb der Aeron Chair in seiner Produktentwicklung nie stehen. Nachdem der Aeron Remastered bereits zur H\u00e4lfte aus recycelten Materialien hergestellt wird, geht Herman Miller in Sachen Nachhaltigkeit noch einen Schritt weiter. \u2026\t\t\t\t\t<\/div>\n\t\t\t<\/div>\n\t\t\t\t\t\t\t\t<\/div>\n\t\t\t\t\t\t\t\t\t<\/article>\n\t\t\t\t\t\t\t\t<article >\n\t\t\t\t\t\t\t\t\t\t<div class=\"uagb-post__inner-wrap\">\n\t\t\t\t\t\t\t\t\t\t\t\t\t\t\t<div class='uagb-post__image'>\n\t\t\t\t<a href=\"https:\/\/designcabinet.de\/wissen\/kopfstuetze-aeron-chair\/\" target=\"_self\" rel=\"bookmark noopener noreferrer\"><img loading=\"lazy\" decoding=\"async\" width=\"1024\" height=\"513\" src=\"https:\/\/designcabinet.de\/wissen\/wp-content\/uploads\/2022\/02\/aeron-mineral-kaufen-e1643979574380-1024x513.jpeg\" class=\"attachment-large size-large\" alt=\"\" srcset=\"https:\/\/designcabinet.de\/wissen\/wp-content\/uploads\/2022\/02\/aeron-mineral-kaufen-e1643979574380-1024x513.jpeg 1024w, https:\/\/designcabinet.de\/wissen\/wp-content\/uploads\/2022\/02\/aeron-mineral-kaufen-e1643979574380-300x150.jpeg 300w, https:\/\/designcabinet.de\/wissen\/wp-content\/uploads\/2022\/02\/aeron-mineral-kaufen-e1643979574380-768x385.jpeg 768w, https:\/\/designcabinet.de\/wissen\/wp-content\/uploads\/2022\/02\/aeron-mineral-kaufen-e1643979574380-1536x769.jpeg 1536w, https:\/\/designcabinet.de\/wissen\/wp-content\/uploads\/2022\/02\/aeron-mineral-kaufen-e1643979574380.jpeg 1599w\" sizes=\"auto, (max-width: 1024px) 100vw, 1024px\" \/>\t\t\t\t<\/a>\n\t\t\t<\/div>\n\t\t\t\t\t\t<div class='uagb-post__text'> \n\t\t\t\t<h2 class=\"uagb-post__title\">\n\t\t\t\t\t<a href=\"https:\/\/designcabinet.de\/wissen\/kopfstuetze-aeron-chair\/\" target=\"_self\" rel=\"bookmark noopener noreferrer\">Kopfst\u00fctze f\u00fcr den Aeron Chair?<\/a>\n\t\t\t\t<\/h2>\n\t\t\t<\/div>\n\t\t\t\t\t\t<div class='uagb-post__text'> \n\t\t\t<div class=\"uagb-post-grid-byline\">\n\t\t\t\t\t\t\t\t<span class=\"uagb-post__author\">\n\t\t\t\t\t<span class=\"dashicons-admin-users dashicons\"><\/span>\n\t\t\t\t\t<a href=\"https:\/\/designcabinet.de\/wissen\/author\/brueckner\/\" title=\"Beitr\u00e4ge von Stefan Br\u00fcckner\" rel=\"author\">Stefan Br\u00fcckner<\/a>\t\t\t\t<\/span>\n\t\t\t\t\t\t\t<time datetime=\"2022-02-02T14:23:05+01:00\" class=\"uagb-post__date\">\n\t\t\t\t\t<span class=\"dashicons-calendar dashicons\"><\/span>\n\t\t\t\t\t2. Februar 2022\t\t\t\t<\/time>\n\t\t\t\t\t\t<\/div>\n\t\t\t<\/div>\n\t\t\t\t\t\t\t<div class='uagb-post__text'> \n\t\t\t\t\t<div class=\"uagb-post__excerpt\">\n\t\t\t\t\t\tVon Werk aus verf\u00fcgt der Aeron Chair \u00fcber keine Kopfst\u00fctze. Die Designer Stumpf und Chadwick haben den Aeron g\u00e4nzlich ohne designed, was Ergonomie und Komfort des Herman Miller-Klassikers jedoch nicht mindern. Wer seinen Designklassiker nichtsdestotrotz \u2026\t\t\t\t\t<\/div>\n\t\t\t<\/div>\n\t\t\t\t\t\t\t\t<\/div>\n\t\t\t\t\t\t\t\t\t<\/article>\n\t\t\t\t\t\t\t\t<article >\n\t\t\t\t\t\t\t\t\t\t<div class=\"uagb-post__inner-wrap\">\n\t\t\t\t\t\t\t\t\t\t\t\t\t\t\t<div class='uagb-post__image'>\n\t\t\t\t<a href=\"https:\/\/designcabinet.de\/wissen\/monitorarme-ratgeber\/\" target=\"_self\" rel=\"bookmark noopener noreferrer\"><img loading=\"lazy\" decoding=\"async\" width=\"1024\" height=\"512\" src=\"https:\/\/designcabinet.de\/wissen\/wp-content\/uploads\/2022\/01\/monitorarm-1-cbs-1024x512.jpeg\" class=\"attachment-large size-large\" alt=\"\" srcset=\"https:\/\/designcabinet.de\/wissen\/wp-content\/uploads\/2022\/01\/monitorarm-1-cbs-1024x512.jpeg 1024w, https:\/\/designcabinet.de\/wissen\/wp-content\/uploads\/2022\/01\/monitorarm-1-cbs-300x150.jpeg 300w, https:\/\/designcabinet.de\/wissen\/wp-content\/uploads\/2022\/01\/monitorarm-1-cbs-768x384.jpeg 768w, https:\/\/designcabinet.de\/wissen\/wp-content\/uploads\/2022\/01\/monitorarm-1-cbs-1536x768.jpeg 1536w, https:\/\/designcabinet.de\/wissen\/wp-content\/uploads\/2022\/01\/monitorarm-1-cbs.jpeg 1600w\" sizes=\"auto, (max-width: 1024px) 100vw, 1024px\" \/>\t\t\t\t<\/a>\n\t\t\t<\/div>\n\t\t\t\t\t\t<div class='uagb-post__text'> \n\t\t\t\t<h2 class=\"uagb-post__title\">\n\t\t\t\t\t<a href=\"https:\/\/designcabinet.de\/wissen\/monitorarme-ratgeber\/\" target=\"_self\" rel=\"bookmark noopener noreferrer\">Monitorarm am Schreibtisch: Das solltest du wissen!<\/a>\n\t\t\t\t<\/h2>\n\t\t\t<\/div>\n\t\t\t\t\t\t<div class='uagb-post__text'> \n\t\t\t<div class=\"uagb-post-grid-byline\">\n\t\t\t\t\t\t\t\t<span class=\"uagb-post__author\">\n\t\t\t\t\t<span class=\"dashicons-admin-users dashicons\"><\/span>\n\t\t\t\t\t<a href=\"https:\/\/designcabinet.de\/wissen\/author\/brueckner\/\" title=\"Beitr\u00e4ge von Stefan Br\u00fcckner\" rel=\"author\">Stefan Br\u00fcckner<\/a>\t\t\t\t<\/span>\n\t\t\t\t\t\t\t<time datetime=\"2022-01-28T17:45:02+01:00\" class=\"uagb-post__date\">\n\t\t\t\t\t<span class=\"dashicons-calendar dashicons\"><\/span>\n\t\t\t\t\t28. Januar 2022\t\t\t\t<\/time>\n\t\t\t\t\t\t<\/div>\n\t\t\t<\/div>\n\t\t\t\t\t\t\t<div class='uagb-post__text'> \n\t\t\t\t\t<div class=\"uagb-post__excerpt\">\n\t\t\t\t\t\tWann sich eine Monitorhalterung lohnt? Eigentlich immer. Dank ihres meist schlanken Designs integrieren sich Monitorarme nahtlos an deinen Arbeitsplatz. Sie lassen l\u00e4stige Kabel verschwinden und schaffen bis zu 30% mehr Platz auf dem Tisch, der \u2026\t\t\t\t\t<\/div>\n\t\t\t<\/div>\n\t\t\t\t\t\t\t\t<\/div>\n\t\t\t\t\t\t\t\t\t<\/article>\n\t\t\t\t\t\t\t\t<\/div>\n\t\t\t\t\t\t\t<\/div>","protected":false},"excerpt":{"rendered":"","protected":false},"author":2,"featured_media":0,"parent":0,"menu_order":0,"comment_status":"closed","ping_status":"closed","template":"","meta":{"advgb_blocks_editor_width":"","advgb_blocks_columns_visual_guide":"","footnotes":""},"class_list":["post-284","page","type-page","status-publish"],"yoast_head":"<!-- This site is optimized with the Yoast SEO plugin v26.8 - https:\/\/yoast.com\/product\/yoast-seo-wordpress\/ -->\n<title>DesignCabinet\u00ae BLOG | Ergonomie, Design &amp; Nachhaltigkeit<\/title>\n<meta name=\"description\" content=\"Alles \u00fcber Herman Miller, Ergonomie &amp; Nachhaltigkeit bei B\u00fcrost\u00fchlen.\" \/>\n<meta name=\"robots\" content=\"index, follow, max-snippet:-1, max-image-preview:large, max-video-preview:-1\" \/>\n<link rel=\"canonical\" href=\"https:\/\/designcabinet.de\/wissen\/\" \/>\n<meta property=\"og:locale\" content=\"de_DE\" \/>\n<meta property=\"og:type\" content=\"article\" \/>\n<meta property=\"og:title\" content=\"DesignCabinet\u00ae BLOG | Ergonomie, Design &amp; Nachhaltigkeit\" \/>\n<meta property=\"og:description\" content=\"Alles \u00fcber Herman Miller, Ergonomie &amp; Nachhaltigkeit bei B\u00fcrost\u00fchlen.\" \/>\n<meta property=\"og:url\" content=\"https:\/\/designcabinet.de\/wissen\/\" \/>\n<meta property=\"og:site_name\" content=\"DesignCabinet\u00ae\" \/>\n<meta property=\"article:modified_time\" content=\"2022-04-06T14:04:33+00:00\" \/>\n<meta name=\"twitter:card\" content=\"summary_large_image\" \/>\n<script type=\"application\/ld+json\" class=\"yoast-schema-graph\">{\"@context\":\"https:\/\/schema.org\",\"@graph\":[{\"@type\":\"WebPage\",\"@id\":\"https:\/\/designcabinet.de\/wissen\/\",\"url\":\"https:\/\/designcabinet.de\/wissen\/\",\"name\":\"DesignCabinet\u00ae BLOG | Ergonomie, Design & Nachhaltigkeit\",\"isPartOf\":{\"@id\":\"https:\/\/designcabinet.de\/wissen\/#website\"},\"datePublished\":\"2022-02-04T14:45:52+00:00\",\"dateModified\":\"2022-04-06T14:04:33+00:00\",\"description\":\"Alles \u00fcber Herman Miller, Ergonomie & Nachhaltigkeit bei B\u00fcrost\u00fchlen.\",\"breadcrumb\":{\"@id\":\"https:\/\/designcabinet.de\/wissen\/#breadcrumb\"},\"inLanguage\":\"de\",\"potentialAction\":[{\"@type\":\"ReadAction\",\"target\":[\"https:\/\/designcabinet.de\/wissen\/\"]}]},{\"@type\":\"BreadcrumbList\",\"@id\":\"https:\/\/designcabinet.de\/wissen\/#breadcrumb\",\"itemListElement\":[{\"@type\":\"ListItem\",\"position\":1,\"name\":\"Startseite\",\"item\":\"https:\/\/designcabinet.de\/wissen\/\"},{\"@type\":\"ListItem\",\"position\":2,\"name\":\"Knowledge Base\"}]},{\"@type\":\"WebSite\",\"@id\":\"https:\/\/designcabinet.de\/wissen\/#website\",\"url\":\"https:\/\/designcabinet.de\/wissen\/\",\"name\":\"DesignCabinet\u00ae\",\"description\":\"WISSEN\",\"publisher\":{\"@id\":\"https:\/\/designcabinet.de\/wissen\/#organization\"},\"potentialAction\":[{\"@type\":\"SearchAction\",\"target\":{\"@type\":\"EntryPoint\",\"urlTemplate\":\"https:\/\/designcabinet.de\/wissen\/?s={search_term_string}\"},\"query-input\":{\"@type\":\"PropertyValueSpecification\",\"valueRequired\":true,\"valueName\":\"search_term_string\"}}],\"inLanguage\":\"de\"},{\"@type\":\"Organization\",\"@id\":\"https:\/\/designcabinet.de\/wissen\/#organization\",\"name\":\"DesignCabinet\u00ae\",\"url\":\"https:\/\/designcabinet.de\/wissen\/\",\"logo\":{\"@type\":\"ImageObject\",\"inLanguage\":\"de\",\"@id\":\"https:\/\/designcabinet.de\/wissen\/#\/schema\/logo\/image\/\",\"url\":\"https:\/\/designcabinet.de\/wissen\/wp-content\/uploads\/2022\/01\/designcabinet-logo.png\",\"contentUrl\":\"https:\/\/designcabinet.de\/wissen\/wp-content\/uploads\/2022\/01\/designcabinet-logo.png\",\"width\":1090,\"height\":117,\"caption\":\"DesignCabinet\u00ae\"},\"image\":{\"@id\":\"https:\/\/designcabinet.de\/wissen\/#\/schema\/logo\/image\/\"}}]}<\/script>\n<!-- \/ Yoast SEO plugin. -->","yoast_head_json":{"title":"DesignCabinet\u00ae BLOG | Ergonomie, Design & Nachhaltigkeit","description":"Alles \u00fcber Herman Miller, Ergonomie & Nachhaltigkeit bei B\u00fcrost\u00fchlen.","robots":{"index":"index","follow":"follow","max-snippet":"max-snippet:-1","max-image-preview":"max-image-preview:large","max-video-preview":"max-video-preview:-1"},"canonical":"https:\/\/designcabinet.de\/wissen\/","og_locale":"de_DE","og_type":"article","og_title":"DesignCabinet\u00ae BLOG | Ergonomie, Design & Nachhaltigkeit","og_description":"Alles \u00fcber Herman Miller, Ergonomie & Nachhaltigkeit bei B\u00fcrost\u00fchlen.","og_url":"https:\/\/designcabinet.de\/wissen\/","og_site_name":"DesignCabinet\u00ae","article_modified_time":"2022-04-06T14:04:33+00:00","twitter_card":"summary_large_image","schema":{"@context":"https:\/\/schema.org","@graph":[{"@type":"WebPage","@id":"https:\/\/designcabinet.de\/wissen\/","url":"https:\/\/designcabinet.de\/wissen\/","name":"DesignCabinet\u00ae BLOG | Ergonomie, Design & Nachhaltigkeit","isPartOf":{"@id":"https:\/\/designcabinet.de\/wissen\/#website"},"datePublished":"2022-02-04T14:45:52+00:00","dateModified":"2022-04-06T14:04:33+00:00","description":"Alles \u00fcber Herman Miller, Ergonomie & Nachhaltigkeit bei B\u00fcrost\u00fchlen.","breadcrumb":{"@id":"https:\/\/designcabinet.de\/wissen\/#breadcrumb"},"inLanguage":"de","potentialAction":[{"@type":"ReadAction","target":["https:\/\/designcabinet.de\/wissen\/"]}]},{"@type":"BreadcrumbList","@id":"https:\/\/designcabinet.de\/wissen\/#breadcrumb","itemListElement":[{"@type":"ListItem","position":1,"name":"Startseite","item":"https:\/\/designcabinet.de\/wissen\/"},{"@type":"ListItem","position":2,"name":"Knowledge Base"}]},{"@type":"WebSite","@id":"https:\/\/designcabinet.de\/wissen\/#website","url":"https:\/\/designcabinet.de\/wissen\/","name":"DesignCabinet\u00ae","description":"WISSEN","publisher":{"@id":"https:\/\/designcabinet.de\/wissen\/#organization"},"potentialAction":[{"@type":"SearchAction","target":{"@type":"EntryPoint","urlTemplate":"https:\/\/designcabinet.de\/wissen\/?s={search_term_string}"},"query-input":{"@type":"PropertyValueSpecification","valueRequired":true,"valueName":"search_term_string"}}],"inLanguage":"de"},{"@type":"Organization","@id":"https:\/\/designcabinet.de\/wissen\/#organization","name":"DesignCabinet\u00ae","url":"https:\/\/designcabinet.de\/wissen\/","logo":{"@type":"ImageObject","inLanguage":"de","@id":"https:\/\/designcabinet.de\/wissen\/#\/schema\/logo\/image\/","url":"https:\/\/designcabinet.de\/wissen\/wp-content\/uploads\/2022\/01\/designcabinet-logo.png","contentUrl":"https:\/\/designcabinet.de\/wissen\/wp-content\/uploads\/2022\/01\/designcabinet-logo.png","width":1090,"height":117,"caption":"DesignCabinet\u00ae"},"image":{"@id":"https:\/\/designcabinet.de\/wissen\/#\/schema\/logo\/image\/"}}]}},"coauthors":[],"author_meta":{"author_link":"https:\/\/designcabinet.de\/wissen\/author\/brueckner\/","display_name":"Stefan Br\u00fcckner"},"relative_dates":{"created":"Posted 4\u00a0Jahren ago","modified":"Updated 4\u00a0Jahren ago"},"absolute_dates":{"created":"Posted on 4. Februar 2022","modified":"Updated on 6. April 2022"},"absolute_dates_time":{"created":"Posted on 4. Februar 2022 15:45","modified":"Updated on 6. April 2022 16:04"},"featured_img_caption":"","featured_img":false,"uagb_featured_image_src":{"full":false,"thumbnail":false,"medium":false,"medium_large":false,"large":false,"1536x1536":false,"2048x2048":false},"uagb_author_info":{"display_name":"Stefan Br\u00fcckner","author_link":"https:\/\/designcabinet.de\/wissen\/author\/brueckner\/"},"uagb_comment_info":0,"uagb_excerpt":null,"_links":{"self":[{"href":"https:\/\/designcabinet.de\/wissen\/wp-json\/wp\/v2\/pages\/284","targetHints":{"allow":["GET"]}}],"collection":[{"href":"https:\/\/designcabinet.de\/wissen\/wp-json\/wp\/v2\/pages"}],"about":[{"href":"https:\/\/designcabinet.de\/wissen\/wp-json\/wp\/v2\/types\/page"}],"author":[{"embeddable":true,"href":"https:\/\/designcabinet.de\/wissen\/wp-json\/wp\/v2\/users\/2"}],"replies":[{"embeddable":true,"href":"https:\/\/designcabinet.de\/wissen\/wp-json\/wp\/v2\/comments?post=284"}],"version-history":[{"count":39,"href":"https:\/\/designcabinet.de\/wissen\/wp-json\/wp\/v2\/pages\/284\/revisions"}],"predecessor-version":[{"id":1535,"href":"https:\/\/designcabinet.de\/wissen\/wp-json\/wp\/v2\/pages\/284\/revisions\/1535"}],"wp:attachment":[{"href":"https:\/\/designcabinet.de\/wissen\/wp-json\/wp\/v2\/media?parent=284"}],"curies":[{"name":"wp","href":"https:\/\/api.w.org\/{rel}","templated":true}]}}